{"id":70,"date":"2023-10-22T14:56:30","date_gmt":"2023-10-22T12:56:30","guid":{"rendered":"https:\/\/nordic-walking.sk\/povazska-bystrica-bytca\/?page_id=70"},"modified":"2023-11-07T19:46:45","modified_gmt":"2023-11-07T18:46:45","slug":"pocasie-na-kurze","status":"publish","type":"page","link":"https:\/\/nordic-walking.sk\/povazska-bystrica-bytca\/pocasie-na-kurze\/","title":{"rendered":"Po\u010dasie na kurze"},"content":{"rendered":"\n<p>Hovor\u00ed sa, \u017ee kto chce h\u013ead\u00e1 sp\u00f4soby, kto nechce, h\u013ead\u00e1 d\u00f4vody. Vieme, \u017ee pre mnoh\u00fdch je neprijate\u013en\u00e9, aby absolvovali kurz nordic walking po\u010das da\u017e\u010fa, siln\u00e9ho sne\u017eenia alebo aj v lete po\u010das hor\u00faceho d\u0148a, ke\u010f je na oblohe pr\u00edli\u0161 hor\u00face slnko. A pr\u00e1ve preto sme sa rozhodli, \u017ee ke\u010f u\u017e m\u00e1me v Pova\u017eskej Bystrici nad hlavami dia\u013enicu, tak to aj vyu\u017eijeme. Z tohto d\u00f4vodu pres\u00favame na\u0161e kurzy po\u010das nepriazniv\u00e9ho a nevhodn\u00e9ho po\u010dasia pod dia\u013eni\u010dn\u00fd most pri na\u0161om meste, kde m\u00e1me kryt\u00fd priestor v d\u013a\u017eke pribli\u017ene 2 km.<\/p>\n\n\n\n<p>\u00c1no, je pravda, \u017ee prostredie pod dia\u013enicou nie je vizu\u00e1lne \u00faplne dokonal\u00e9, je pravda aj to, \u017ee vtedy nepo\u010dujeme \u0161tebotanie vt\u00e1\u010dikov, ale na druhej strane to kompenzuje v\u00fdborna rovinat\u00e1 trasa, ktor\u00e1 je ako stvoren\u00e1 na u\u010denie sa spr\u00e1vnej techniky nordic walking. Nesk\u00f4r, ke\u010f bude lep\u0161ie po\u010dasie, tak vy m\u00f4\u017eete \u010falej tr\u00e9nova\u0165 u\u017e sami v ide\u00e1lnej\u0161\u00edch podmienkach vo vami zvolenej lokalite.<\/p>\n\n\n\n<p>Samozrejme, \u017ee ob\u010das sa s nami po\u010dasie zahr\u00e1 a hlavne po\u010das mimoriadne siln\u00e9ho vetra je neprijate\u013ene aj pre n\u00e1s, ke\u010f sme schovan\u00ed pod dia\u013enicou. V tak\u00fdchto extr\u00e9mnych pr\u00edpadoch sa samozrejme vieme telefonicky dohodn\u00fa\u0165 na prelo\u017een\u00ed kurzu na nejak\u00fd in\u00fd prijate\u013enej\u0161\u00ed de\u0148.<\/p>\n","protected":false},"excerpt":{"rendered":"<p>Hovor\u00ed sa, \u017ee kto chce h\u013ead\u00e1 sp\u00f4soby, kto nechce, h\u013ead\u00e1 d\u00f4vody. Vieme, \u017ee pre mnoh\u00fdch je neprijate\u013en\u00e9, aby absolvovali kurz nordic walking po\u010das da\u017e\u010fa, siln\u00e9ho sne\u017eenia alebo aj v lete po\u010das hor\u00faceho d\u0148a, ke\u010f je na oblohe pr\u00edli\u0161 hor\u00face slnko. A pr\u00e1ve preto sme sa rozhodli, \u017ee ke\u010f u\u017e m\u00e1me v Pova\u017eskej Bystrici nad hlavami [&hellip;]<\/p>\n","protected":false},"author":1,"featured_media":0,"parent":0,"menu_order":0,"comment_status":"closed","ping_status":"closed","template":"wp-custom-template-stranka-pocasie","meta":{"footnotes":""},"class_list":["post-70","page","type-page","status-publish","hentry"],"_links":{"self":[{"href":"https:\/\/nordic-walking.sk\/povazska-bystrica-bytca\/wp-json\/wp\/v2\/pages\/70","targetHints":{"allow":["GET"]}}],"collection":[{"href":"https:\/\/nordic-walking.sk\/povazska-bystrica-bytca\/wp-json\/wp\/v2\/pages"}],"about":[{"href":"https:\/\/nordic-walking.sk\/povazska-bystrica-bytca\/wp-json\/wp\/v2\/types\/page"}],"author":[{"embeddable":true,"href":"https:\/\/nordic-walking.sk\/povazska-bystrica-bytca\/wp-json\/wp\/v2\/users\/1"}],"replies":[{"embeddable":true,"href":"https:\/\/nordic-walking.sk\/povazska-bystrica-bytca\/wp-json\/wp\/v2\/comments?post=70"}],"version-history":[{"count":5,"href":"https:\/\/nordic-walking.sk\/povazska-bystrica-bytca\/wp-json\/wp\/v2\/pages\/70\/revisions"}],"predecessor-version":[{"id":280,"href":"https:\/\/nordic-walking.sk\/povazska-bystrica-bytca\/wp-json\/wp\/v2\/pages\/70\/revisions\/280"}],"wp:attachment":[{"href":"https:\/\/nordic-walking.sk\/povazska-bystrica-bytca\/wp-json\/wp\/v2\/media?parent=70"}],"curies":[{"name":"wp","href":"https:\/\/api.w.org\/{rel}","templated":true}]}}